

{"id":46693,"date":"2018-11-21T17:03:01","date_gmt":"2018-11-21T17:03:01","guid":{"rendered":"https:\/\/mon.es\/producto\/oli-essencial-de-bergamota\/"},"modified":"2025-12-18T08:22:23","modified_gmt":"2025-12-18T06:22:23","slug":"oli-essencial-de-bergamota","status":"publish","type":"product","link":"https:\/\/mon.es\/ca\/producto\/oli-essencial-de-bergamota\/","title":{"rendered":"Oli essencial de Bergamota"},"content":{"rendered":"<p>L\u2019oli essencial de bergamota ofereix un efecte reconfortant, eleva l\u2019\u00e0nim i ajuda a reduir l\u2019estr\u00e8s i la depressi\u00f3 lleu.\u00a0 \u00c9s \u00e0mpliament utilitzat en aromater\u00e0pia per les seves propietats analg\u00e8siques, antis\u00e8ptiques i antibacterianes. A m\u00e9s, actua com a suport natural per alleujar els s\u00edmptomes dels refredats i la grip, promovent la relaxaci\u00f3, el benestar emocional i l\u2019equilibri mental.<\/p>\n","protected":false},"excerpt":{"rendered":"<p>L\u2019oli essencial de bergamota ofereix un efecte reconfortant, eleva l\u2019\u00e0nim i ajuda a reduir l\u2019estr\u00e8s i la depressi\u00f3 lleu.\u00a0 \u00c9s \u00e0mpliament utilitzat en aromater\u00e0pia per les seves propietats analg\u00e8siques, antis\u00e8ptiques i antibacterianes. A m\u00e9s, actua com a suport natural per alleujar els s\u00edmptomes dels refredats i la grip, promovent la relaxaci\u00f3, el benestar emocional i [&hellip;]<\/p>\n","protected":false},"featured_media":45969,"comment_status":"open","ping_status":"closed","template":"","meta":{"inline_featured_image":false},"product_brand":[],"product_cat":[501],"product_tag":[528],"producte_categoria":[],"class_list":{"0":"post-46693","1":"product","2":"type-product","3":"status-publish","4":"has-post-thumbnail","6":"product_cat-olis-essencials","7":"product_tag-antidepressiu","9":"first","10":"instock","11":"shipping-taxable","12":"purchasable","13":"product-type-simple"},"yoast_head":"<!-- This site is optimized with the Yoast SEO plugin v27.1.1 - https:\/\/yoast.com\/product\/yoast-seo-wordpress\/ -->\n<title>\u25b7 \u25b7 Oli essencial de Bergamota \u25b7 Aceite 100% NATURAL i sostenible<\/title>\n<meta name=\"description\" content=\"L&#039;Oli essencial de Bergamota t\u00e9 una acci\u00f3 reconfortant, elevadora de l&#039;estat d&#039;\u00e0nim i alhora equilibrant. Producte 100% ecol\u00f2gic.\" \/>\n<meta name=\"robots\" content=\"index, follow, max-snippet:-1, max-image-preview:large, max-video-preview:-1\" \/>\n<link rel=\"canonical\" href=\"https:\/\/mon.es\/ca\/producto\/oli-essencial-de-bergamota\/\" \/>\n<meta property=\"og:locale\" content=\"ca_ES\" \/>\n<meta property=\"og:type\" content=\"article\" \/>\n<meta property=\"og:title\" content=\"\u25b7 \u25b7 Oli essencial de Bergamota \u25b7 Aceite 100% NATURAL i sostenible\" \/>\n<meta property=\"og:description\" content=\"L&#039;Oli essencial de Bergamota t\u00e9 una acci\u00f3 reconfortant, elevadora de l&#039;estat d&#039;\u00e0nim i alhora equilibrant. Producte 100% ecol\u00f2gic.\" \/>\n<meta property=\"og:url\" content=\"https:\/\/mon.es\/ca\/producto\/oli-essencial-de-bergamota\/\" \/>\n<meta property=\"og:site_name\" content=\"MON\" \/>\n<meta property=\"article:modified_time\" content=\"2025-12-18T06:22:23+00:00\" \/>\n<meta property=\"og:image\" content=\"http:\/\/mon.es\/wp-content\/uploads\/2018\/11\/aceite-esencial-bergamota.jpg\" \/>\n\t<meta property=\"og:image:width\" content=\"1200\" \/>\n\t<meta property=\"og:image:height\" content=\"1320\" \/>\n\t<meta property=\"og:image:type\" content=\"image\/jpeg\" \/>\n<meta name=\"twitter:card\" content=\"summary_large_image\" \/>\n<meta name=\"twitter:label1\" content=\"Temps estimat de lectura\" \/>\n\t<meta name=\"twitter:data1\" content=\"1 minut\" \/>\n<script type=\"application\/ld+json\" class=\"yoast-schema-graph\">{\"@context\":\"https:\/\/schema.org\",\"@graph\":[{\"@type\":\"WebPage\",\"@id\":\"https:\/\/mon.es\/ca\/producto\/oli-essencial-de-bergamota\/\",\"url\":\"https:\/\/mon.es\/ca\/producto\/oli-essencial-de-bergamota\/\",\"name\":\"\u25b7 \u25b7 Oli essencial de Bergamota \u25b7 Aceite 100% NATURAL i sostenible\",\"isPartOf\":{\"@id\":\"https:\/\/mon.es\/#website\"},\"primaryImageOfPage\":{\"@id\":\"https:\/\/mon.es\/ca\/producto\/oli-essencial-de-bergamota\/#primaryimage\"},\"image\":{\"@id\":\"https:\/\/mon.es\/ca\/producto\/oli-essencial-de-bergamota\/#primaryimage\"},\"thumbnailUrl\":\"https:\/\/mon.es\/wp-content\/uploads\/2018\/11\/aceite-esencial-bergamota.jpg\",\"datePublished\":\"2018-11-21T17:03:01+00:00\",\"dateModified\":\"2025-12-18T06:22:23+00:00\",\"description\":\"L'Oli essencial de Bergamota t\u00e9 una acci\u00f3 reconfortant, elevadora de l'estat d'\u00e0nim i alhora equilibrant. Producte 100% ecol\u00f2gic.\",\"breadcrumb\":{\"@id\":\"https:\/\/mon.es\/ca\/producto\/oli-essencial-de-bergamota\/#breadcrumb\"},\"inLanguage\":\"ca\",\"potentialAction\":[{\"@type\":\"ReadAction\",\"target\":[\"https:\/\/mon.es\/ca\/producto\/oli-essencial-de-bergamota\/\"]}]},{\"@type\":\"ImageObject\",\"inLanguage\":\"ca\",\"@id\":\"https:\/\/mon.es\/ca\/producto\/oli-essencial-de-bergamota\/#primaryimage\",\"url\":\"https:\/\/mon.es\/wp-content\/uploads\/2018\/11\/aceite-esencial-bergamota.jpg\",\"contentUrl\":\"https:\/\/mon.es\/wp-content\/uploads\/2018\/11\/aceite-esencial-bergamota.jpg\",\"width\":1200,\"height\":1320,\"caption\":\"Oli essencial de bergamota\"},{\"@type\":\"BreadcrumbList\",\"@id\":\"https:\/\/mon.es\/ca\/producto\/oli-essencial-de-bergamota\/#breadcrumb\",\"itemListElement\":[{\"@type\":\"ListItem\",\"position\":1,\"name\":\"Portada\",\"item\":\"https:\/\/mon.es\/ca\/\"},{\"@type\":\"ListItem\",\"position\":2,\"name\":\"Botiga\",\"item\":\"https:\/\/mon.es\/ca\/botiga\/\"},{\"@type\":\"ListItem\",\"position\":3,\"name\":\"Oli essencial de Bergamota\"}]},{\"@type\":\"WebSite\",\"@id\":\"https:\/\/mon.es\/#website\",\"url\":\"https:\/\/mon.es\/\",\"name\":\"MON\",\"description\":\"Natural cosmetics\",\"publisher\":{\"@id\":\"https:\/\/mon.es\/#organization\"},\"potentialAction\":[{\"@type\":\"SearchAction\",\"target\":{\"@type\":\"EntryPoint\",\"urlTemplate\":\"https:\/\/mon.es\/?s={search_term_string}\"},\"query-input\":{\"@type\":\"PropertyValueSpecification\",\"valueRequired\":true,\"valueName\":\"search_term_string\"}}],\"inLanguage\":\"ca\"},{\"@type\":\"Organization\",\"@id\":\"https:\/\/mon.es\/#organization\",\"name\":\"MON\",\"url\":\"https:\/\/mon.es\/\",\"logo\":{\"@type\":\"ImageObject\",\"inLanguage\":\"ca\",\"@id\":\"https:\/\/mon.es\/#\/schema\/logo\/image\/\",\"url\":\"https:\/\/mon.es\/wp-content\/uploads\/2018\/11\/logo_mon.png\",\"contentUrl\":\"https:\/\/mon.es\/wp-content\/uploads\/2018\/11\/logo_mon.png\",\"width\":424,\"height\":132,\"caption\":\"MON\"},\"image\":{\"@id\":\"https:\/\/mon.es\/#\/schema\/logo\/image\/\"}}]}<\/script>\n<!-- \/ Yoast SEO plugin. -->","yoast_head_json":{"title":"\u25b7 \u25b7 Oli essencial de Bergamota \u25b7 Aceite 100% NATURAL i sostenible","description":"L'Oli essencial de Bergamota t\u00e9 una acci\u00f3 reconfortant, elevadora de l'estat d'\u00e0nim i alhora equilibrant. Producte 100% ecol\u00f2gic.","robots":{"index":"index","follow":"follow","max-snippet":"max-snippet:-1","max-image-preview":"max-image-preview:large","max-video-preview":"max-video-preview:-1"},"canonical":"https:\/\/mon.es\/ca\/producto\/oli-essencial-de-bergamota\/","og_locale":"ca_ES","og_type":"article","og_title":"\u25b7 \u25b7 Oli essencial de Bergamota \u25b7 Aceite 100% NATURAL i sostenible","og_description":"L'Oli essencial de Bergamota t\u00e9 una acci\u00f3 reconfortant, elevadora de l'estat d'\u00e0nim i alhora equilibrant. Producte 100% ecol\u00f2gic.","og_url":"https:\/\/mon.es\/ca\/producto\/oli-essencial-de-bergamota\/","og_site_name":"MON","article_modified_time":"2025-12-18T06:22:23+00:00","og_image":[{"width":1200,"height":1320,"url":"http:\/\/mon.es\/wp-content\/uploads\/2018\/11\/aceite-esencial-bergamota.jpg","type":"image\/jpeg"}],"twitter_card":"summary_large_image","twitter_misc":{"Temps estimat de lectura":"1 minut"},"schema":{"@context":"https:\/\/schema.org","@graph":[{"@type":"WebPage","@id":"https:\/\/mon.es\/ca\/producto\/oli-essencial-de-bergamota\/","url":"https:\/\/mon.es\/ca\/producto\/oli-essencial-de-bergamota\/","name":"\u25b7 \u25b7 Oli essencial de Bergamota \u25b7 Aceite 100% NATURAL i sostenible","isPartOf":{"@id":"https:\/\/mon.es\/#website"},"primaryImageOfPage":{"@id":"https:\/\/mon.es\/ca\/producto\/oli-essencial-de-bergamota\/#primaryimage"},"image":{"@id":"https:\/\/mon.es\/ca\/producto\/oli-essencial-de-bergamota\/#primaryimage"},"thumbnailUrl":"https:\/\/mon.es\/wp-content\/uploads\/2018\/11\/aceite-esencial-bergamota.jpg","datePublished":"2018-11-21T17:03:01+00:00","dateModified":"2025-12-18T06:22:23+00:00","description":"L'Oli essencial de Bergamota t\u00e9 una acci\u00f3 reconfortant, elevadora de l'estat d'\u00e0nim i alhora equilibrant. Producte 100% ecol\u00f2gic.","breadcrumb":{"@id":"https:\/\/mon.es\/ca\/producto\/oli-essencial-de-bergamota\/#breadcrumb"},"inLanguage":"ca","potentialAction":[{"@type":"ReadAction","target":["https:\/\/mon.es\/ca\/producto\/oli-essencial-de-bergamota\/"]}]},{"@type":"ImageObject","inLanguage":"ca","@id":"https:\/\/mon.es\/ca\/producto\/oli-essencial-de-bergamota\/#primaryimage","url":"https:\/\/mon.es\/wp-content\/uploads\/2018\/11\/aceite-esencial-bergamota.jpg","contentUrl":"https:\/\/mon.es\/wp-content\/uploads\/2018\/11\/aceite-esencial-bergamota.jpg","width":1200,"height":1320,"caption":"Oli essencial de bergamota"},{"@type":"BreadcrumbList","@id":"https:\/\/mon.es\/ca\/producto\/oli-essencial-de-bergamota\/#breadcrumb","itemListElement":[{"@type":"ListItem","position":1,"name":"Portada","item":"https:\/\/mon.es\/ca\/"},{"@type":"ListItem","position":2,"name":"Botiga","item":"https:\/\/mon.es\/ca\/botiga\/"},{"@type":"ListItem","position":3,"name":"Oli essencial de Bergamota"}]},{"@type":"WebSite","@id":"https:\/\/mon.es\/#website","url":"https:\/\/mon.es\/","name":"MON","description":"Natural cosmetics","publisher":{"@id":"https:\/\/mon.es\/#organization"},"potentialAction":[{"@type":"SearchAction","target":{"@type":"EntryPoint","urlTemplate":"https:\/\/mon.es\/?s={search_term_string}"},"query-input":{"@type":"PropertyValueSpecification","valueRequired":true,"valueName":"search_term_string"}}],"inLanguage":"ca"},{"@type":"Organization","@id":"https:\/\/mon.es\/#organization","name":"MON","url":"https:\/\/mon.es\/","logo":{"@type":"ImageObject","inLanguage":"ca","@id":"https:\/\/mon.es\/#\/schema\/logo\/image\/","url":"https:\/\/mon.es\/wp-content\/uploads\/2018\/11\/logo_mon.png","contentUrl":"https:\/\/mon.es\/wp-content\/uploads\/2018\/11\/logo_mon.png","width":424,"height":132,"caption":"MON"},"image":{"@id":"https:\/\/mon.es\/#\/schema\/logo\/image\/"}}]}},"_links":{"self":[{"href":"https:\/\/mon.es\/ca\/wp-json\/wp\/v2\/product\/46693","targetHints":{"allow":["GET"]}}],"collection":[{"href":"https:\/\/mon.es\/ca\/wp-json\/wp\/v2\/product"}],"about":[{"href":"https:\/\/mon.es\/ca\/wp-json\/wp\/v2\/types\/product"}],"replies":[{"embeddable":true,"href":"https:\/\/mon.es\/ca\/wp-json\/wp\/v2\/comments?post=46693"}],"wp:featuredmedia":[{"embeddable":true,"href":"https:\/\/mon.es\/ca\/wp-json\/wp\/v2\/media\/45969"}],"wp:attachment":[{"href":"https:\/\/mon.es\/ca\/wp-json\/wp\/v2\/media?parent=46693"}],"wp:term":[{"taxonomy":"product_brand","embeddable":true,"href":"https:\/\/mon.es\/ca\/wp-json\/wp\/v2\/product_brand?post=46693"},{"taxonomy":"product_cat","embeddable":true,"href":"https:\/\/mon.es\/ca\/wp-json\/wp\/v2\/product_cat?post=46693"},{"taxonomy":"product_tag","embeddable":true,"href":"https:\/\/mon.es\/ca\/wp-json\/wp\/v2\/product_tag?post=46693"},{"taxonomy":"producte_categoria","embeddable":true,"href":"https:\/\/mon.es\/ca\/wp-json\/wp\/v2\/producte_categoria?post=46693"}],"curies":[{"name":"wp","href":"https:\/\/api.w.org\/{rel}","templated":true}]}}