

{"id":47145,"date":"2023-02-20T14:15:24","date_gmt":"2023-02-20T14:15:24","guid":{"rendered":"https:\/\/mon.es\/?page_id=47145"},"modified":"2023-02-20T14:44:45","modified_gmt":"2023-02-20T14:44:45","slug":"collaboracio-amb-lhospital-%f0%9f%92%99-de-sant-pau","status":"publish","type":"page","link":"https:\/\/mon.es\/ca\/collaboracio-amb-lhospital-%f0%9f%92%99-de-sant-pau\/","title":{"rendered":"Col\u00b7laboraci\u00f3 amb l&#8217;Hospital \ud83d\udc99 de Sant Pau"},"content":{"rendered":"\n<div style=\"height:30px\" aria-hidden=\"true\" class=\"wp-block-spacer\"><\/div>\n\n\n<div class=\"wp-block-image\">\n<figure class=\"aligncenter size-large is-resized\"><img loading=\"lazy\" decoding=\"async\" src=\"https:\/\/mon.es\/wp-content\/uploads\/2022\/09\/IIB-SANT-PAU_Logotip-descriptiu_Catala-1024x349.jpg\" alt=\"\" class=\"wp-image-32636\" width=\"512\" height=\"175\" srcset=\"https:\/\/mon.es\/wp-content\/uploads\/2022\/09\/IIB-SANT-PAU_Logotip-descriptiu_Catala-1024x349.jpg 1024w, https:\/\/mon.es\/wp-content\/uploads\/2022\/09\/IIB-SANT-PAU_Logotip-descriptiu_Catala-300x102.jpg 300w, https:\/\/mon.es\/wp-content\/uploads\/2022\/09\/IIB-SANT-PAU_Logotip-descriptiu_Catala-768x262.jpg 768w, https:\/\/mon.es\/wp-content\/uploads\/2022\/09\/IIB-SANT-PAU_Logotip-descriptiu_Catala-1536x523.jpg 1536w, https:\/\/mon.es\/wp-content\/uploads\/2022\/09\/IIB-SANT-PAU_Logotip-descriptiu_Catala-600x204.jpg 600w, https:\/\/mon.es\/wp-content\/uploads\/2022\/09\/IIB-SANT-PAU_Logotip-descriptiu_Catala.jpg 1650w\" sizes=\"auto, (max-width: 512px) 100vw, 512px\" \/><\/figure>\n<\/div>\n\n\n<div style=\"height:20px\" aria-hidden=\"true\" class=\"wp-block-spacer\"><\/div>\n\n\n\n<p class=\"max-width has-medium-font-size\">L&#8217;Institut de Recerca de l&#8217;Hospital de Santa Creu i Sant Pau \u00e9s una fundaci\u00f3 de car\u00e0cter cient\u00edfic que t\u00e9 com a missi\u00f3 promoure la investigaci\u00f3 b\u00e0sica, cl\u00ednica, epidemiol\u00f2gica i de serveis sanitaris en el camp de les ci\u00e8ncies de la salut i la biomedicina, amb l&#8217;objectiu de contribuir a la millora de la salut de la poblaci\u00f3.<\/p>\n\n\n\n<p class=\"max-width has-medium-font-size\">A MON col\u00b7laborem amb la investigaci\u00f3 m\u00e8dica de l&#8217;Hospital de Sant Pau i donarem el 25% del total de la vostra compra d&#8217;aquests packs.<\/p>\n\n\n\n<div class=\"wp-block-columns is-layout-flex wp-container-core-columns-is-layout-9d6595d7 wp-block-columns-is-layout-flex\">\n<div class=\"wp-block-column is-layout-flow wp-block-column-is-layout-flow\"><div class=\"post-producto\"><a href=\"https:\/\/mon.es\/producto\/regenerate-con-mon\/\">\n    \n        \n    <div class=\"producto-image animation\">\n                <img loading=\"lazy\" decoding=\"async\" width=\"683\" height=\"1024\" src=\"https:\/\/mon.es\/wp-content\/uploads\/2021\/09\/pack-karite-mon-ok.jpg\" class=\"attachment-large size-large wp-post-image\" alt=\"\" srcset=\"https:\/\/mon.es\/wp-content\/uploads\/2021\/09\/pack-karite-mon-ok.jpg 683w, https:\/\/mon.es\/wp-content\/uploads\/2021\/09\/pack-karite-mon-ok-200x300.jpg 200w, https:\/\/mon.es\/wp-content\/uploads\/2021\/09\/pack-karite-mon-ok-600x900.jpg 600w\" sizes=\"auto, (max-width: 683px) 100vw, 683px\" \/>    <\/div>\n    <div class=\"producto-desc\">\n        <span class=\"title\">\n            Regen\u00e9rate con MON        <\/span>\n\n                    <div class=\"price\">\n                <span class=\"woocommerce-Price-amount amount\"><bdi>49.80<span class=\"woocommerce-Price-currencySymbol\">&euro;<\/span><\/bdi><\/span>            <\/div>\n        \n\n\n        \n        <div class=\"product-list-reviews rating-custom\">\n                    <\/div>\n\n\n\n        \n        <span class=\"tag\">\n            \n        Pack Regenerat                                        \n        <\/span>\n        <span class=\"size\"><\/span>\n    <\/div>\n<\/a><\/div>\n<\/div>\n\n\n\n<div class=\"wp-block-column is-layout-flow wp-block-column-is-layout-flow\"><div class=\"post-producto\"><a href=\"https:\/\/mon.es\/producto\/pack-sant-pau\/\">\n    \n        \n    <div class=\"producto-image animation\">\n                <img loading=\"lazy\" decoding=\"async\" width=\"1024\" height=\"1024\" src=\"https:\/\/mon.es\/wp-content\/uploads\/2022\/09\/MONTAJE-PACK-SANT-PAU-1024x1024.jpg\" class=\"attachment-large size-large wp-post-image\" alt=\"\" srcset=\"https:\/\/mon.es\/wp-content\/uploads\/2022\/09\/MONTAJE-PACK-SANT-PAU-1024x1024.jpg 1024w, https:\/\/mon.es\/wp-content\/uploads\/2022\/09\/MONTAJE-PACK-SANT-PAU-300x300.jpg 300w, https:\/\/mon.es\/wp-content\/uploads\/2022\/09\/MONTAJE-PACK-SANT-PAU-150x150.jpg 150w, https:\/\/mon.es\/wp-content\/uploads\/2022\/09\/MONTAJE-PACK-SANT-PAU-768x768.jpg 768w, https:\/\/mon.es\/wp-content\/uploads\/2022\/09\/MONTAJE-PACK-SANT-PAU-600x600.jpg 600w, https:\/\/mon.es\/wp-content\/uploads\/2022\/09\/MONTAJE-PACK-SANT-PAU-100x100.jpg 100w, https:\/\/mon.es\/wp-content\/uploads\/2022\/09\/MONTAJE-PACK-SANT-PAU.jpg 1200w\" sizes=\"auto, (max-width: 1024px) 100vw, 1024px\" \/>    <\/div>\n    <div class=\"producto-desc\">\n        <span class=\"title\">\n            Pack SANT PAU        <\/span>\n\n                    <div class=\"price\">\n                <span class=\"woocommerce-Price-amount amount\"><bdi>64.70<span class=\"woocommerce-Price-currencySymbol\">&euro;<\/span><\/bdi><\/span>            <\/div>\n        \n\n\n        \n        <div class=\"product-list-reviews rating-custom\">\n                    <\/div>\n\n\n\n        \n        <span class=\"tag\">\n            \n        Uso diario                                        \n        <\/span>\n        <span class=\"size\"><\/span>\n    <\/div>\n<\/a><\/div>\n<\/div>\n\n\n\n<div class=\"wp-block-column is-layout-flow wp-block-column-is-layout-flow\"><div class=\"post-producto\"><a href=\"https:\/\/mon.es\/producto\/pack-pro-relax\/\">\n    \n        \n    <div class=\"producto-image animation\">\n                <img loading=\"lazy\" decoding=\"async\" width=\"1024\" height=\"683\" src=\"https:\/\/mon.es\/wp-content\/uploads\/2020\/06\/PACK_LAVANDA_ARGAN_2024_MON-1024x683.jpg\" class=\"attachment-large size-large wp-post-image\" alt=\"\" srcset=\"https:\/\/mon.es\/wp-content\/uploads\/2020\/06\/PACK_LAVANDA_ARGAN_2024_MON-1024x683.jpg 1024w, https:\/\/mon.es\/wp-content\/uploads\/2020\/06\/PACK_LAVANDA_ARGAN_2024_MON-300x200.jpg 300w, https:\/\/mon.es\/wp-content\/uploads\/2020\/06\/PACK_LAVANDA_ARGAN_2024_MON-768x512.jpg 768w, https:\/\/mon.es\/wp-content\/uploads\/2020\/06\/PACK_LAVANDA_ARGAN_2024_MON-50x33.jpg 50w, https:\/\/mon.es\/wp-content\/uploads\/2020\/06\/PACK_LAVANDA_ARGAN_2024_MON-1600x1067.jpg 1600w, https:\/\/mon.es\/wp-content\/uploads\/2020\/06\/PACK_LAVANDA_ARGAN_2024_MON-1536x1024.jpg 1536w, https:\/\/mon.es\/wp-content\/uploads\/2020\/06\/PACK_LAVANDA_ARGAN_2024_MON-2048x1365.jpg 2048w, https:\/\/mon.es\/wp-content\/uploads\/2020\/06\/PACK_LAVANDA_ARGAN_2024_MON-600x400.jpg 600w\" sizes=\"auto, (max-width: 1024px) 100vw, 1024px\" \/>    <\/div>\n    <div class=\"producto-desc\">\n        <span class=\"title\">\n            Pack PRO RELAX        <\/span>\n\n                    <div class=\"price\">\n                <span class=\"woocommerce-Price-amount amount\"><bdi>49.20<span class=\"woocommerce-Price-currencySymbol\">&euro;<\/span><\/bdi><\/span>            <\/div>\n        \n\n\n        \n        <div class=\"product-list-reviews rating-custom\">\n                    <\/div>\n\n\n\n        \n        <span class=\"tag\">\n            \n        Con aromaterapia                                        \n        <\/span>\n        <span class=\"size\"><\/span>\n    <\/div>\n<\/a><\/div>\n<\/div>\n<\/div>\n","protected":false},"excerpt":{"rendered":"<p>L&#8217;Institut de Recerca de l&#8217;Hospital de Santa Creu i Sant Pau \u00e9s una fundaci\u00f3 de car\u00e0cter cient\u00edfic que t\u00e9 com a missi\u00f3 promoure la investigaci\u00f3 b\u00e0sica, cl\u00ednica, epidemiol\u00f2gica i de serveis sanitaris en el camp de les ci\u00e8ncies de la salut i la biomedicina, amb l&#8217;objectiu de contribuir a la millora de la salut de [&hellip;]<\/p>\n","protected":false},"author":1,"featured_media":0,"parent":0,"menu_order":0,"comment_status":"closed","ping_status":"closed","template":"","meta":{"inline_featured_image":false,"footnotes":""},"class_list":["post-47145","page","type-page","status-publish","hentry"],"yoast_head":"<!-- This site is optimized with the Yoast SEO plugin v27.1.1 - https:\/\/yoast.com\/product\/yoast-seo-wordpress\/ -->\n<title>Col\u00b7laboraci\u00f3 amb l&#039;Hospital \ud83d\udc99 de Sant Pau - MON<\/title>\n<meta name=\"robots\" content=\"index, follow, max-snippet:-1, max-image-preview:large, max-video-preview:-1\" \/>\n<link rel=\"canonical\" href=\"https:\/\/mon.es\/colaboracion-con-el-hospital-de-sant-pau\/\" \/>\n<meta property=\"og:locale\" content=\"ca_ES\" \/>\n<meta property=\"og:type\" content=\"article\" \/>\n<meta property=\"og:title\" content=\"Col\u00b7laboraci\u00f3 amb l&#039;Hospital \ud83d\udc99 de Sant Pau - MON\" \/>\n<meta property=\"og:description\" content=\"L&#8217;Institut de Recerca de l&#8217;Hospital de Santa Creu i Sant Pau \u00e9s una fundaci\u00f3 de car\u00e0cter cient\u00edfic que t\u00e9 com a missi\u00f3 promoure la investigaci\u00f3 b\u00e0sica, cl\u00ednica, epidemiol\u00f2gica i de serveis sanitaris en el camp de les ci\u00e8ncies de la salut i la biomedicina, amb l&#8217;objectiu de contribuir a la millora de la salut de [&hellip;]\" \/>\n<meta property=\"og:url\" content=\"https:\/\/mon.es\/colaboracion-con-el-hospital-de-sant-pau\/\" \/>\n<meta property=\"og:site_name\" content=\"MON\" \/>\n<meta property=\"article:modified_time\" content=\"2023-02-20T14:44:45+00:00\" \/>\n<meta property=\"og:image\" content=\"https:\/\/mon.es\/wp-content\/uploads\/2022\/09\/IIB-SANT-PAU_Logotip-descriptiu_Catala-1024x349.jpg\" \/>\n<meta name=\"twitter:card\" content=\"summary_large_image\" \/>\n<meta name=\"twitter:label1\" content=\"Temps estimat de lectura\" \/>\n\t<meta name=\"twitter:data1\" content=\"1 minut\" \/>\n<script type=\"application\/ld+json\" class=\"yoast-schema-graph\">{\"@context\":\"https:\/\/schema.org\",\"@graph\":[{\"@type\":\"WebPage\",\"@id\":\"https:\/\/mon.es\/colaboracion-con-el-hospital-de-sant-pau\/\",\"url\":\"https:\/\/mon.es\/colaboracion-con-el-hospital-de-sant-pau\/\",\"name\":\"Col\u00b7laboraci\u00f3 amb l'Hospital \ud83d\udc99 de Sant Pau - MON\",\"isPartOf\":{\"@id\":\"https:\/\/mon.es\/#website\"},\"primaryImageOfPage\":{\"@id\":\"https:\/\/mon.es\/colaboracion-con-el-hospital-de-sant-pau\/#primaryimage\"},\"image\":{\"@id\":\"https:\/\/mon.es\/colaboracion-con-el-hospital-de-sant-pau\/#primaryimage\"},\"thumbnailUrl\":\"https:\/\/mon.es\/wp-content\/uploads\/2022\/09\/IIB-SANT-PAU_Logotip-descriptiu_Catala-1024x349.jpg\",\"datePublished\":\"2023-02-20T14:15:24+00:00\",\"dateModified\":\"2023-02-20T14:44:45+00:00\",\"breadcrumb\":{\"@id\":\"https:\/\/mon.es\/colaboracion-con-el-hospital-de-sant-pau\/#breadcrumb\"},\"inLanguage\":\"ca\",\"potentialAction\":[{\"@type\":\"ReadAction\",\"target\":[\"https:\/\/mon.es\/colaboracion-con-el-hospital-de-sant-pau\/\"]}]},{\"@type\":\"ImageObject\",\"inLanguage\":\"ca\",\"@id\":\"https:\/\/mon.es\/colaboracion-con-el-hospital-de-sant-pau\/#primaryimage\",\"url\":\"https:\/\/mon.es\/wp-content\/uploads\/2022\/09\/IIB-SANT-PAU_Logotip-descriptiu_Catala-1024x349.jpg\",\"contentUrl\":\"https:\/\/mon.es\/wp-content\/uploads\/2022\/09\/IIB-SANT-PAU_Logotip-descriptiu_Catala-1024x349.jpg\"},{\"@type\":\"BreadcrumbList\",\"@id\":\"https:\/\/mon.es\/colaboracion-con-el-hospital-de-sant-pau\/#breadcrumb\",\"itemListElement\":[{\"@type\":\"ListItem\",\"position\":1,\"name\":\"Portada\",\"item\":\"https:\/\/mon.es\/ca\/\"},{\"@type\":\"ListItem\",\"position\":2,\"name\":\"Col\u00b7laboraci\u00f3 amb l&#8217;Hospital \ud83d\udc99 de Sant Pau\"}]},{\"@type\":\"WebSite\",\"@id\":\"https:\/\/mon.es\/#website\",\"url\":\"https:\/\/mon.es\/\",\"name\":\"MON\",\"description\":\"Natural cosmetics\",\"publisher\":{\"@id\":\"https:\/\/mon.es\/#organization\"},\"potentialAction\":[{\"@type\":\"SearchAction\",\"target\":{\"@type\":\"EntryPoint\",\"urlTemplate\":\"https:\/\/mon.es\/?s={search_term_string}\"},\"query-input\":{\"@type\":\"PropertyValueSpecification\",\"valueRequired\":true,\"valueName\":\"search_term_string\"}}],\"inLanguage\":\"ca\"},{\"@type\":\"Organization\",\"@id\":\"https:\/\/mon.es\/#organization\",\"name\":\"MON\",\"url\":\"https:\/\/mon.es\/\",\"logo\":{\"@type\":\"ImageObject\",\"inLanguage\":\"ca\",\"@id\":\"https:\/\/mon.es\/#\/schema\/logo\/image\/\",\"url\":\"https:\/\/mon.es\/wp-content\/uploads\/2018\/11\/logo_mon.png\",\"contentUrl\":\"https:\/\/mon.es\/wp-content\/uploads\/2018\/11\/logo_mon.png\",\"width\":424,\"height\":132,\"caption\":\"MON\"},\"image\":{\"@id\":\"https:\/\/mon.es\/#\/schema\/logo\/image\/\"}}]}<\/script>\n<!-- \/ Yoast SEO plugin. -->","yoast_head_json":{"title":"Col\u00b7laboraci\u00f3 amb l'Hospital \ud83d\udc99 de Sant Pau - MON","robots":{"index":"index","follow":"follow","max-snippet":"max-snippet:-1","max-image-preview":"max-image-preview:large","max-video-preview":"max-video-preview:-1"},"canonical":"https:\/\/mon.es\/colaboracion-con-el-hospital-de-sant-pau\/","og_locale":"ca_ES","og_type":"article","og_title":"Col\u00b7laboraci\u00f3 amb l'Hospital \ud83d\udc99 de Sant Pau - MON","og_description":"L&#8217;Institut de Recerca de l&#8217;Hospital de Santa Creu i Sant Pau \u00e9s una fundaci\u00f3 de car\u00e0cter cient\u00edfic que t\u00e9 com a missi\u00f3 promoure la investigaci\u00f3 b\u00e0sica, cl\u00ednica, epidemiol\u00f2gica i de serveis sanitaris en el camp de les ci\u00e8ncies de la salut i la biomedicina, amb l&#8217;objectiu de contribuir a la millora de la salut de [&hellip;]","og_url":"https:\/\/mon.es\/colaboracion-con-el-hospital-de-sant-pau\/","og_site_name":"MON","article_modified_time":"2023-02-20T14:44:45+00:00","og_image":[{"url":"https:\/\/mon.es\/wp-content\/uploads\/2022\/09\/IIB-SANT-PAU_Logotip-descriptiu_Catala-1024x349.jpg","type":"","width":"","height":""}],"twitter_card":"summary_large_image","twitter_misc":{"Temps estimat de lectura":"1 minut"},"schema":{"@context":"https:\/\/schema.org","@graph":[{"@type":"WebPage","@id":"https:\/\/mon.es\/colaboracion-con-el-hospital-de-sant-pau\/","url":"https:\/\/mon.es\/colaboracion-con-el-hospital-de-sant-pau\/","name":"Col\u00b7laboraci\u00f3 amb l'Hospital \ud83d\udc99 de Sant Pau - MON","isPartOf":{"@id":"https:\/\/mon.es\/#website"},"primaryImageOfPage":{"@id":"https:\/\/mon.es\/colaboracion-con-el-hospital-de-sant-pau\/#primaryimage"},"image":{"@id":"https:\/\/mon.es\/colaboracion-con-el-hospital-de-sant-pau\/#primaryimage"},"thumbnailUrl":"https:\/\/mon.es\/wp-content\/uploads\/2022\/09\/IIB-SANT-PAU_Logotip-descriptiu_Catala-1024x349.jpg","datePublished":"2023-02-20T14:15:24+00:00","dateModified":"2023-02-20T14:44:45+00:00","breadcrumb":{"@id":"https:\/\/mon.es\/colaboracion-con-el-hospital-de-sant-pau\/#breadcrumb"},"inLanguage":"ca","potentialAction":[{"@type":"ReadAction","target":["https:\/\/mon.es\/colaboracion-con-el-hospital-de-sant-pau\/"]}]},{"@type":"ImageObject","inLanguage":"ca","@id":"https:\/\/mon.es\/colaboracion-con-el-hospital-de-sant-pau\/#primaryimage","url":"https:\/\/mon.es\/wp-content\/uploads\/2022\/09\/IIB-SANT-PAU_Logotip-descriptiu_Catala-1024x349.jpg","contentUrl":"https:\/\/mon.es\/wp-content\/uploads\/2022\/09\/IIB-SANT-PAU_Logotip-descriptiu_Catala-1024x349.jpg"},{"@type":"BreadcrumbList","@id":"https:\/\/mon.es\/colaboracion-con-el-hospital-de-sant-pau\/#breadcrumb","itemListElement":[{"@type":"ListItem","position":1,"name":"Portada","item":"https:\/\/mon.es\/ca\/"},{"@type":"ListItem","position":2,"name":"Col\u00b7laboraci\u00f3 amb l&#8217;Hospital \ud83d\udc99 de Sant Pau"}]},{"@type":"WebSite","@id":"https:\/\/mon.es\/#website","url":"https:\/\/mon.es\/","name":"MON","description":"Natural cosmetics","publisher":{"@id":"https:\/\/mon.es\/#organization"},"potentialAction":[{"@type":"SearchAction","target":{"@type":"EntryPoint","urlTemplate":"https:\/\/mon.es\/?s={search_term_string}"},"query-input":{"@type":"PropertyValueSpecification","valueRequired":true,"valueName":"search_term_string"}}],"inLanguage":"ca"},{"@type":"Organization","@id":"https:\/\/mon.es\/#organization","name":"MON","url":"https:\/\/mon.es\/","logo":{"@type":"ImageObject","inLanguage":"ca","@id":"https:\/\/mon.es\/#\/schema\/logo\/image\/","url":"https:\/\/mon.es\/wp-content\/uploads\/2018\/11\/logo_mon.png","contentUrl":"https:\/\/mon.es\/wp-content\/uploads\/2018\/11\/logo_mon.png","width":424,"height":132,"caption":"MON"},"image":{"@id":"https:\/\/mon.es\/#\/schema\/logo\/image\/"}}]}},"_links":{"self":[{"href":"https:\/\/mon.es\/ca\/wp-json\/wp\/v2\/pages\/47145","targetHints":{"allow":["GET"]}}],"collection":[{"href":"https:\/\/mon.es\/ca\/wp-json\/wp\/v2\/pages"}],"about":[{"href":"https:\/\/mon.es\/ca\/wp-json\/wp\/v2\/types\/page"}],"author":[{"embeddable":true,"href":"https:\/\/mon.es\/ca\/wp-json\/wp\/v2\/users\/1"}],"replies":[{"embeddable":true,"href":"https:\/\/mon.es\/ca\/wp-json\/wp\/v2\/comments?post=47145"}],"version-history":[{"count":2,"href":"https:\/\/mon.es\/ca\/wp-json\/wp\/v2\/pages\/47145\/revisions"}],"predecessor-version":[{"id":47147,"href":"https:\/\/mon.es\/ca\/wp-json\/wp\/v2\/pages\/47145\/revisions\/47147"}],"wp:attachment":[{"href":"https:\/\/mon.es\/ca\/wp-json\/wp\/v2\/media?parent=47145"}],"curies":[{"name":"wp","href":"https:\/\/api.w.org\/{rel}","templated":true}]}}